{"id":85,"date":"2023-01-25T12:10:25","date_gmt":"2023-01-25T12:10:25","guid":{"rendered":"https:\/\/vihannestieto.fi\/?page_id=85"},"modified":"2023-11-30T16:06:19","modified_gmt":"2023-11-30T13:06:19","slug":"tulevat-tapahtumat","status":"publish","type":"page","link":"https:\/\/vihannestieto.fi\/?page_id=85","title":{"rendered":"Infotilaisuudet"},"content":{"rendered":"\n<div style=\"height:30px\" aria-hidden=\"true\" class=\"wp-block-spacer\"><\/div>\n\n\n\n<h5 class=\"wp-block-heading\">Vihannesviljelyn ominaispiirteet ja eri tuotantomuodot<\/h5>\n\n\n\n<p><strong>Aika: 25.1.2023 keskiviikko klo 17\u201319&nbsp;\/\/ Paikka: Teams &amp; Metla-talo, K\u00e4py-Sali 1. krs<\/strong><\/p>\n\n\n\n<p><a href=\"https:\/\/vihannestieto.fi\/wp-content\/uploads\/2023\/02\/Ohjelma-Vihannesviljelyn-ominaispiirteet-ja-eri-tuotantomuodot.pdf\" target=\"_blank\" rel=\"noreferrer noopener\">Ohjelma, PDF-tiedosto<\/a><\/p>\n\n\n\n<p><a href=\"https:\/\/vihannestieto.fi\/wp-content\/uploads\/2023\/01\/Infotilaisuus_esitys_Kivijarvi_25012023_pienempi.pdf\" target=\"_blank\" rel=\"noreferrer noopener\">Vihannesviljelyn ominaispiirteet ja eri tuotantomuodot, Pirjo Kivij\u00e4rvi (LUKE), PDF-tiedosto<\/a><\/p>\n\n\n\n<p><a href=\"https:\/\/vihannestieto.fi\/wp-content\/uploads\/2023\/01\/Terhi_Suojala-Ahlfors.pdf\" target=\"_blank\" rel=\"noreferrer noopener\">Monipuolinen vihannesviljely \u2013 erilaisia kasveja ja viljelymenetelmi\u00e4, Terhi Suojala-Ahlfors, PDF-tiedosto<\/a><\/p>\n\n\n\n<p><a href=\"https:\/\/vihannestieto.fi\/wp-content\/uploads\/2023\/01\/Viljelijaprofiilit.pdf\" target=\"_blank\" rel=\"noreferrer noopener\">Viljelij\u00e4profiilit, PDF-tiedosto<\/a><\/p>\n\n\n\n<h6 class=\"wp-block-heading\"><em>Pohjois-Karjalassa on potentiaalia lis\u00e4t\u00e4 vihannesten viljely\u00e4<\/em><\/h6>\n\n\n\n<p><em>Peltoa on vapautumassa l\u00e4hitulevaisuudessa erikoiskasvien tuotantoon, sill\u00e4 moni pohtii luopumista maidon tai lihan tuotannosta. Alueella on paljon maalajin ja sijainnin kannalta vihannesten viljelyyn sopivaa peltomaata. Kysynt\u00e4\u00e4kin paikalliselle vihannekselle voisi olla, sill\u00e4 Pohjois-Karjalassa tuotetaan t\u00e4ll\u00e4 hetkell\u00e4 vain alle kolmannes alueella kulutetuista kotimaisista vihanneksista.<\/em><\/p>\n\n\n\n<p><em>Sopisiko vihannestenviljely tilallesi?<\/em><br><em>Tule kuulemaan asiantuntijoiden alustuksia vihannesviljelyn ominaispiirteist\u00e4 ja eri tuotantomuodoista Luonnonvarakeskuksen j\u00e4rjest\u00e4m\u00e4\u00e4n infoon. Tilaisuudessa p\u00e4\u00e4set my\u00f6s keskustelemaan muiden vihannesalan kehitt\u00e4misest\u00e4 kiinnostuneiden toimijoiden kanssa sek\u00e4 hahmottelemaan askelmerkkej\u00e4 kohti vihannesviljelyn lis\u00e4\u00e4mist\u00e4 Pohjois-Karjalassa.<\/em><\/p>\n\n\n\n<hr class=\"wp-block-separator has-alpha-channel-opacity is-style-dots\"\/>\n\n\n\n<h5 class=\"wp-block-heading\">Vihannestuotannon talous ja riskinhallinta&nbsp;<\/h5>\n\n\n\n<p><strong>Aika: 8.2.2023 keskiviikko klo 14\u201316<\/strong>&nbsp;\/\/ <strong>Paikka: Teams &amp; Metla-talo, 3. krs<\/strong><\/p>\n\n\n\n<p><a href=\"https:\/\/vihannestieto.fi\/wp-content\/uploads\/2023\/02\/Ohjelma-Vihannestuotannon-talous-ja-riskinhallinta.pdf\" target=\"_blank\" rel=\"noreferrer noopener\">Ohjelma, PDF-tiedosto<\/a><\/p>\n\n\n\n<p><a href=\"https:\/\/vihannestieto.fi\/wp-content\/uploads\/2023\/02\/Vihannestuotannon-taloudenhallinta.pdf\" target=\"_blank\" rel=\"noreferrer noopener\">Vihannestuotannon taloudenhallinta, Anu Koivisto (LUKE), PDF-tiedosto<\/a><\/p>\n\n\n\n<p><a href=\"https:\/\/vihannestieto.fi\/wp-content\/uploads\/2023\/02\/Vihannesmalli.xlsx\" target=\"_blank\" rel=\"noreferrer noopener\">Vihannesmalli, Excel-tiedosto<\/a><\/p>\n\n\n\n<p><a href=\"https:\/\/vihannestieto.fi\/wp-content\/uploads\/2023\/02\/Maksuvalmius.xlsx\" target=\"_blank\" rel=\"noreferrer noopener\">Maksuvalmius, Excel-tiedosto<\/a><\/p>\n\n\n\n<p><em>Mit\u00e4 jos aloittaisin vihannestuotannon, miten se vaikuttaa tilani talouteen: kannattavuuteen, maksuvalmiuteen ja vakavaraisuuteen? Tule kuulemaan asiantuntijan tietopaketti ja perehtym\u00e4\u00e4n puutarhatuotannon taloudenhallintaa.<br>Tilaisuudessa k\u00e4yd\u00e4\u00e4n mallitilojen avulla l\u00e4pi milt\u00e4 vihannestuotannon aloittaminen n\u00e4ytt\u00e4ytyy eurojen n\u00e4k\u00f6kulmasta, ja millaisia taloudellisia riskej\u00e4 siihen liittyy.<\/em><\/p>\n\n\n\n<p>Asiantuntija: Anu Koivisto, Luonnonvarakeskus&nbsp;<\/p>\n\n\n\n<hr class=\"wp-block-separator has-alpha-channel-opacity is-style-dots\"\/>\n\n\n\n<h5 class=\"wp-block-heading\">Maan kasvukunto ja viljelykierto&nbsp;<\/h5>\n\n\n\n<p><strong>Aika: 1.3.2023 keskiviikko klo 17\u201320&nbsp;<\/strong>\/\/ <strong>Paikka: Teams<\/strong><\/p>\n\n\n\n<p><a href=\"https:\/\/vihannestieto.fi\/wp-content\/uploads\/2023\/03\/VVV_info-3-ohjelma-proagria-851x1024.jpeg\" data-type=\"URL\" data-id=\"https:\/\/vihannestieto.fi\/wp-content\/uploads\/2023\/03\/VVV_info-3-ohjelma-proagria-851x1024.jpeg\" target=\"_blank\" rel=\"noreferrer noopener\">Ohjelma, JPEG<\/a><\/p>\n\n\n\n<p><a rel=\"noreferrer noopener\" href=\"https:\/\/vihannestieto.fi\/wp-content\/uploads\/2023\/03\/maankasvukunto_010323.pdf\" target=\"_blank\">Maan kasvukunto ja viljelykierto, PDF-tiedosto<\/a><\/p>\n\n\n\n<p><em>Maan kasvukunto ja viljelykierto ovat keskeisess\u00e4 asemassa kannattavassa vihannesviljelyss\u00e4. Vihannesviljelyss\u00e4 hyv\u00e4 maan kasvukunto on keskeisess\u00e4 roolissa hyv\u00e4laatuisen sadon tuottamisessa. Viljelykierto on t\u00e4rke\u00e4 osa kasvukuntoa. Viljelykierron avulla voidaan my\u00f6s v\u00e4hent\u00e4\u00e4 tauti ja tuholaispainetta sek\u00e4 hallita rikkakasveja. Ent\u00e4p\u00e4 useamman tilan yhteiset viljelykierrot?<\/em><\/p>\n\n\n\n<p>Viljelij\u00e4puheenvuoro: luomuviljelij\u00e4&nbsp;Jari Sallinen<\/p>\n\n\n\n<p>Asiantuntija: Marja Pulkkinen, ProAgria It\u00e4-Suomi<\/p>\n\n\n\n<hr class=\"wp-block-separator has-alpha-channel-opacity is-style-dots\"\/>\n\n\n\n<h5 class=\"wp-block-heading\">Pakastekuivauksen mahdollisuudet ja tuottajayhteisty\u00f6mallit vihannessektorilla: info- ja keskustelutilaisuus<\/h5>\n\n\n\n<p><strong>Aika: 28.3.2023 tiistai klo 9\u201311<\/strong> \/\/ <strong>Paikka: Teams<\/strong><\/p>\n\n\n\n<p><em>Tule kuulemaan, millaisia yhteisty\u00f6mahdollisuuksia voisi avautua pakastekuivauksen my\u00f6t\u00e4 viljelij\u00f6ille! J\u00e4rjest\u00e4mme Pakastekuivauksen mahdollisuudet ja tuottajayhteisty\u00f6mallit vihannessektorilla -info- ja keskustelutilaisuuden yhteisty\u00f6ss\u00e4 PAKU-hankkeen, MTK Pohjois-Karjalan ja Nordic Freeze Dry Oy:n kanssa. Voit osallistua paikan p\u00e4\u00e4ll\u00e4 tai et\u00e4n\u00e4. Tilaisuus on suunnattu vihannesviljelij\u00f6ille ja vihannesviljelyst\u00e4 kiinnostuneille.<\/em><\/p>\n\n\n\n<p>Asiantuntijat: Nikolas Jokisalo\/Nordic Freeze Dry Oy, Jari Rouvinen\/MTK Pohjois-Karjala, Kaisa Lehtipuro\/PAKU-hanke ja Marja Pulkkinen\/ProAgria It\u00e4-Suomi<\/p>\n\n\n\n<hr class=\"wp-block-separator has-alpha-channel-opacity is-style-dots\"\/>\n\n\n\n<h5 class=\"wp-block-heading\">Tuet, s\u00e4\u00e4d\u00f6kset ja investoinnit sek\u00e4 rahoitusmallit vuonna 2023<\/h5>\n\n\n\n<p><strong>Aika: 29.3.2023 keskiviikko klo 16\u201318<\/strong> \/\/ <strong>Paikka: Teams<\/strong><\/p>\n\n\n\n<p><a rel=\"noreferrer noopener\" href=\"https:\/\/vihannestieto.fi\/wp-content\/uploads\/2023\/03\/VVV_info4.pdf\" target=\"_blank\">Ohjelma, PDF-tiedosto<\/a><\/p>\n\n\n\n<p><a href=\"https:\/\/vihannestieto.fi\/wp-content\/uploads\/2023\/04\/Uusi-CAP27tukikoulutusmateriaali-vihannestiloille-29.3.2023.pdf\" data-type=\"URL\" data-id=\"https:\/\/vihannestieto.fi\/wp-content\/uploads\/2023\/04\/Uusi-CAP27tukikoulutusmateriaali-vihannestiloille-29.3.2023.pdf\" target=\"_blank\" rel=\"noreferrer noopener\">Vihannestuotannon tuet ja vaatimukset CAP 27 ohjelmassa esitysmateriaalit, P\u00e4ivi Turunen, ProAgria It\u00e4-Suomi, PDF-tiedosto<\/a><\/p>\n\n\n\n<p><a href=\"https:\/\/vihannestieto.fi\/wp-content\/uploads\/2023\/04\/CAP27-Vihannesilta2932023.pptx\" data-type=\"URL\" data-id=\"https:\/\/vihannestieto.fi\/wp-content\/uploads\/2023\/04\/CAP27-Vihannesilta2932023.pptx\" target=\"_blank\" rel=\"noreferrer noopener\">Vihannestuotannon aloittamiseen\/laajentamiseen liittyv\u00e4t tuet ja avustukset investointeihin, Tapio Leinonen, Pohjois-Karjalan ELY-keskus, PDF-tiedosto<\/a><\/p>\n\n\n\n<p><em><em>CAP27 ohjelmakausi tuo joitain muutoksia puutarhatuotannon tukij\u00e4rjestelm\u00e4\u00e4n ja investointirahoitukseen, tule kuulolle siit\u00e4, mit\u00e4 jatkossa tulee huomioida.<\/em>&nbsp;Investointituet ovat my\u00f6s t\u00e4rke\u00e4 osa tuotannon kehitt\u00e4mist\u00e4. Tarvitaan koneita, varastoja ja k\u00e4sittelytiloja joko useamman tilan yhteisin\u00e4 tai yht\u00e4 viljelm\u00e4\u00e4 koskevia.<\/em><\/p>\n\n\n\n<p>Asiantuntijat: P\u00e4ivi Turunen, ProAgria It\u00e4-Suomi ja Tapio Leinonen, Pohjois-Karjalan ELY-keskus<\/p>\n\n\n\n<hr class=\"wp-block-separator has-alpha-channel-opacity is-style-dots\"\/>\n\n\n\n<h5 class=\"wp-block-heading\">Viljely ja kylv\u00f6menetelm\u00e4t&nbsp;&nbsp;<\/h5>\n\n\n\n<p><strong>Aika: 11.4.2023 tiistai klo 12\u201314<\/strong> \/\/ <strong>Paikka: Teams<\/strong>&nbsp;<\/p>\n\n\n\n<p><a rel=\"noreferrer noopener\" href=\"https:\/\/vihannestieto.fi\/wp-content\/uploads\/2023\/03\/VVV_info-5.pdf\" data-type=\"attachment\" data-id=\"580\" target=\"_blank\">Ohjelma, PDF-tiedosto<\/a><\/p>\n\n\n\n<p><a href=\"https:\/\/vihannestieto.fi\/wp-content\/uploads\/2023\/04\/11.4.2023-Viljely-ja-kylvomenetelmat.pdf\" data-type=\"URL\" data-id=\"https:\/\/vihannestieto.fi\/wp-content\/uploads\/2023\/04\/11.4.2023-Viljely-ja-kylvomenetelmat.pdf\" target=\"_blank\" rel=\"noreferrer noopener\">Viljely ja kylv\u00f6menetelm\u00e4t, Hanne Kinnunen, Riveria\/Purom\u00e4en puutarha, PDF-tiedosto<\/a><\/p>\n\n\n\n<p><em>Suorakylv\u00f6\u00e4 vaativat vihannekset, kylv\u00f6n ajankohdat, vaatimukset ja menetelm\u00e4t<\/em>.<\/p>\n\n\n\n<p>Asiantuntija: Hanne Kinnunen, Riveria\/Purom\u00e4en puutarha&nbsp;<\/p>\n\n\n\n<hr class=\"wp-block-separator has-alpha-channel-opacity is-style-dots\"\/>\n\n\n\n<h5 class=\"wp-block-heading\">Kasvinterveys ja ravinnehuolto vihannesviljelyss\u00e4&nbsp;&nbsp;<\/h5>\n\n\n\n<p><strong>Aika: 18.4.2023 tiistai klo 16\u201318&nbsp;<\/strong>\/\/ <strong>Paikka: Teams<\/strong>&nbsp;&nbsp;<\/p>\n\n\n\n<p><a rel=\"noreferrer noopener\" href=\"https:\/\/vihannestieto.fi\/wp-content\/uploads\/2023\/04\/VVV_info-6.pdf\" data-type=\"URL\" data-id=\"https:\/\/vihannestieto.fi\/wp-content\/uploads\/2023\/04\/VVV_info-6.pdf\" target=\"_blank\">Ohjelma, PDF-tiedosto<\/a><\/p>\n\n\n\n<p><a rel=\"noreferrer noopener\" href=\"https:\/\/vihannestieto.fi\/wp-content\/uploads\/2023\/04\/VVV-info-18042023-ravinnehuolto.pdf\" data-type=\"URL\" data-id=\"https:\/\/vihannestieto.fi\/wp-content\/uploads\/2023\/04\/VVV-info-18042023-ravinnehuolto.pdf\" target=\"_blank\">Ravinnehuolto vihannestuotannoss<\/a><a href=\"https:\/\/vihannestieto.fi\/wp-content\/uploads\/2023\/04\/VVV-info-18042023-ravinnehuolto.pdf\" data-type=\"URL\" data-id=\"https:\/\/vihannestieto.fi\/wp-content\/uploads\/2023\/04\/VVV-info-18042023-ravinnehuolto.pdf\" target=\"_blank\" rel=\"noreferrer noopener\">a<\/a><a rel=\"noreferrer noopener\" href=\"https:\/\/vihannestieto.fi\/wp-content\/uploads\/2023\/04\/VVV-info-18042023-ravinnehuolto.pdf\" data-type=\"URL\" data-id=\"https:\/\/vihannestieto.fi\/wp-content\/uploads\/2023\/04\/VVV-info-18042023-ravinnehuolto.pdf\" target=\"_blank\">, Terhi Suojala-Ahlfors, LUKE, PDF-tiedosto<\/a><\/p>\n\n\n\n<p><a rel=\"noreferrer noopener\" href=\"https:\/\/vihannestieto.fi\/wp-content\/uploads\/2023\/04\/VVV-info-18042023-kasvinterveys.pdf\" target=\"_blank\">Kasvinterveys vihannestuotannossa, Pirjo Kivij\u00e4rvi, LUKE, PDF-tiedosto<\/a><\/p>\n\n\n\n<p><a href=\"https:\/\/vihannestieto.fi\/wp-content\/uploads\/2023\/04\/BioKymppi-Orgaaniset-lannoitteet-kasvinterveys-ja-ravinnehuolto-2023_04_18.pdf\" data-type=\"URL\" data-id=\"https:\/\/vihannestieto.fi\/wp-content\/uploads\/2023\/04\/BioKymppi-Orgaaniset-lannoitteet-kasvinterveys-ja-ravinnehuolto-2023_04_18.pdf\" target=\"_blank\" rel=\"noreferrer noopener\">Orgaaniset lannoitteet, Mika Juvonen, BioKymppi, PDF-tiedosto<\/a><\/p>\n\n\n\n<p><em>Hyv\u00e4 kasvinterveys ja ravinnehuolto kulkevat k\u00e4si k\u00e4dess\u00e4 ja ovat v\u00e4ltt\u00e4m\u00e4tt\u00f6mi\u00e4 laadukkaan vihannessadon tuottamiseksi. Tilaisuudessa n\u00e4k\u00f6kulmia vihannesten kasvinterveyteen vaikuttavista tekij\u00f6ist\u00e4 sek\u00e4 ravinnetalouden turvaamisesta.<\/em><\/p>\n\n\n\n<p><em><strong>Ravinnehuolto-osiossa<\/strong> tarkastellaan eri vihannesten ravinnetarpeita ja pellon ravinnetaseita sek\u00e4 erilaisia lannoitusvaihtoehtoja. Miten n\u00e4m\u00e4 tekij\u00e4t vaikuttavat sadon m\u00e4\u00e4r\u00e4\u00e4n ja laatuun sek\u00e4 ravinnehuollon kest\u00e4vyyteen?<\/em><\/p>\n\n\n\n<p><em><strong>Orgaaniset lannoitteet viljelyss\u00e4:<\/strong><\/em> Mika Juvonen, BioKymppi Oy<br><em>Orgaanisilla lannoitteilla eloa maaper\u00e4\u00e4n. J\u00e4tteiden ja t\u00e4hteiden sis\u00e4lt\u00e4mien ravinteiden hy\u00f6dynt\u00e4misen lis\u00e4ksi kierr\u00e4tyslannoitteilla saavutetaan maaper\u00e4\u00e4 parantava vaikutus, pienieli\u00f6 toiminnot lis\u00e4\u00e4ntyv\u00e4t ja maaper\u00e4n vedenpid\u00e4tyskyky paranee.<\/em><\/p>\n\n\n\n<p><em><strong>Kasvinterveys-osiossa<\/strong> p\u00e4\u00e4paino on ennakoivan kasvinsuojelun eri toimenpiteiss\u00e4, mukaan lukien viljely-ymp\u00e4rist\u00f6n monimuotoisuus ja ekosysteemipalvelujen hy\u00f6dynt\u00e4minen.<\/em><\/p>\n\n\n\n<p>Asiantuntijat: Terhi Suojala-Ahlfors ja Pirjo Kivij\u00e4rvi, Luonnonvarakeskus&nbsp;<\/p>\n\n\n\n<hr class=\"wp-block-separator has-alpha-channel-opacity is-style-dots\"\/>\n\n\n\n<h5 class=\"wp-block-heading\">Taimituotanto ja taimien istutus&nbsp;&nbsp;<\/h5>\n\n\n\n<p><strong>Aika: 25.4.2023 tiistai klo 9\u201311&nbsp;<\/strong>\/\/ <strong>Paikka: Teams<\/strong>&nbsp;<\/p>\n\n\n\n<p><a rel=\"noreferrer noopener\" href=\"https:\/\/vihannestieto.fi\/wp-content\/uploads\/2023\/03\/VVV_info-7.pdf\" data-type=\"attachment\" data-id=\"581\" target=\"_blank\">Ohjelma, PDF-tiedosto<\/a><\/p>\n\n\n\n<p><a href=\"https:\/\/vihannestieto.fi\/wp-content\/uploads\/2023\/05\/25.4.2023.pdf\" data-type=\"URL\" data-id=\"https:\/\/vihannestieto.fi\/wp-content\/uploads\/2023\/05\/25.4.2023.pdf\" target=\"_blank\" rel=\"noreferrer noopener\">Vihannesten taimikasvatus, Hanne Kinnunen, Purom\u00e4en puutarha, PDF-tiedosto<\/a><\/p>\n\n\n\n<p><em>Taimituotanto p\u00e4hkin\u00e4nkuoressa. Mit\u00e4 vihanneksia kannattaa istuttaa pellolle taimina? Kannattaako taimet kasvattaako itse vai ostaa valmiina?<\/em>&nbsp;<\/p>\n\n\n\n<p>Asiantuntija: Hanne Kinnunen, Riveria\/Purom\u00e4en puutarha&nbsp;<\/p>\n\n\n\n<hr class=\"wp-block-separator has-alpha-channel-opacity is-style-dots\"\/>\n\n\n\n<h5 class=\"wp-block-heading\">Uudet katettujen olosuhteiden viljelytekniikat&nbsp;<\/h5>\n\n\n\n<p><strong>Aika: 4.5.2023 torstai klo 16\u201318<\/strong>&nbsp;\/\/ <strong>Paikka: Teams<\/strong>&nbsp;<\/p>\n\n\n\n<p><a rel=\"noreferrer noopener\" href=\"https:\/\/vihannestieto.fi\/wp-content\/uploads\/2023\/03\/VVV_info-8.pdf\" data-type=\"attachment\" data-id=\"582\" target=\"_blank\">Ohjelma, PDF-tiedosto<\/a><\/p>\n\n\n\n<p><a href=\"https:\/\/vihannestieto.fi\/wp-content\/uploads\/2023\/05\/Vertikaaliviljely.pdf\" data-type=\"URL\" data-id=\"https:\/\/vihannestieto.fi\/wp-content\/uploads\/2023\/05\/Vertikaaliviljely.pdf\" target=\"_blank\" rel=\"noreferrer noopener\">Vertikaaliviljely, Yrj\u00f6 V\u00e4h\u00e4kallio, PDF-tiedosto<\/a><\/p>\n\n\n\n<p><em>LED-valoteknologian tuomat mahdollisuudet vihannesten ja yrttien viljelyss\u00e4, vertikaaliviljelyn periaatteet sek\u00e4 esimerkkej\u00e4 Suomesta ja maailmalta, keskustelua aiheesta.<\/em>&nbsp;<\/p>\n\n\n\n<p>Asiantuntija: Yrj\u00f6 V\u00e4h\u00e4kallio, Riveria&nbsp;<\/p>\n\n\n\n<hr class=\"wp-block-separator has-alpha-channel-opacity is-style-dots\"\/>\n\n\n\n<h5 class=\"wp-block-heading\">Maatilojen v\u00e4linen yhteisty\u00f6<\/h5>\n\n\n\n<p><strong>Aika: 16.5.2023 tiistai klo 17\u201319<\/strong>&nbsp;\/\/ <strong>Paikka: Teams<\/strong><\/p>\n\n\n\n<p><a href=\"https:\/\/vihannestieto.fi\/wp-content\/uploads\/2023\/05\/VVV_info-9.pdf\" data-type=\"URL\" data-id=\"https:\/\/vihannestieto.fi\/wp-content\/uploads\/2023\/05\/VVV_info-9.pdf\" target=\"_blank\" rel=\"noreferrer noopener\">Ohjelma, PDF-tiedosto<\/a><\/p>\n\n\n\n<p><a href=\"https:\/\/vihannestieto.fi\/wp-content\/uploads\/2023\/05\/Maatilojen-valinen-yhteistyo-160523.pdf\" data-type=\"URL\" data-id=\"https:\/\/vihannestieto.fi\/wp-content\/uploads\/2023\/05\/Maatilojen-valinen-yhteistyo-160523.pdf\" target=\"_blank\" rel=\"noreferrer noopener\">Maatilojen v\u00e4linen yhteisty\u00f6 ja vihannesviljely Pohjois-Karjalassa, Heidi Vallius, PDF-tiedosto<\/a><\/p>\n\n\n\n<p><a href=\"https:\/\/vihannestieto.fi\/wp-content\/uploads\/2023\/05\/16052023-Viljelijayhteistyo-Etela-Savossa.pdf\" target=\"_blank\" rel=\"noreferrer noopener\">Viljelij\u00e4yhteisty\u00f6 Etel\u00e4-Savossa, Antti Vauhkonen, Kalliolan luomu, PDF-tiedosto<\/a><\/p>\n\n\n\n<p><em>Maatilojen v\u00e4linen yhteisty\u00f6 ja tulevaisuuden yhteisty\u00f6mahdollisuudet Pohjois-Karjalassa<\/em><\/p>\n\n\n\n<p><em>Pohjois-Karjalan alueen viljelij\u00f6ille toteutettiin maaliskuussa kyselytutkimus, jonka avulla selvitimme maatilojen v\u00e4lisi\u00e4 yhteisty\u00f6malleja sek\u00e4 tulevaisuuden yhteisty\u00f6mahdollisuuksia vihannesviljelyn kehitt\u00e4miseksi Pohjois-Karjalassa. Kyselytutkimus toteutettiin osana opinn\u00e4ytety\u00f6t\u00e4 (agrologi, AMK), jonka toimeksiantajana toimi Vihanneksista voimaa viljelyyn -hanke. Millaista yhteisty\u00f6t\u00e4 maakunnassa sitten jo tehd\u00e4\u00e4n? Millaiselle yhteisty\u00f6lle olisi kysynt\u00e4\u00e4? Tule kuulemaan tutkimuksen tulokset. Ent\u00e4 kuinka viljelij\u00f6iden v\u00e4linen yhteisty\u00f6 toimii Etel\u00e4-Savossa? Siit\u00e4 kertoo viljelij\u00e4 Antti Vauhkonen Haukivuorelta. Tule kuulolle!<\/em><\/p>\n\n\n\n<hr class=\"wp-block-separator has-alpha-channel-opacity is-style-dots\"\/>\n\n\n\n<h5 class=\"wp-block-heading\">Robotiikan mahdollisuudet vihannesviljelyss\u00e4<\/h5>\n\n\n\n<p><strong>Aika: 22.8.2023 tiistai klo 13\u201315<\/strong>&nbsp;\/\/ <strong>Paikka: Teams<\/strong><\/p>\n\n\n\n<p><a rel=\"noreferrer noopener\" href=\"https:\/\/vihannestieto.fi\/wp-content\/uploads\/2023\/08\/VVV_info10.pdf\" data-type=\"link\" data-id=\"https:\/\/vihannestieto.fi\/wp-content\/uploads\/2023\/08\/VVV_info10.pdf\" target=\"_blank\">Ohjelma, PDF-tiedosto<\/a><\/p>\n\n\n\n<p><a href=\"https:\/\/vihannestieto.fi\/wp-content\/uploads\/2023\/08\/Robotiikan-mahdollisuudet-vihannesviljelyssa.pdf\" data-type=\"link\" data-id=\"https:\/\/vihannestieto.fi\/wp-content\/uploads\/2023\/08\/Robotiikan-mahdollisuudet-vihannesviljelyssa.pdf\" target=\"_blank\" rel=\"noreferrer noopener\">Robotiikan mahdollisuudet vihannesviljelyss\u00e4, Juha Backman, Luonnonvarakeskus, PDF-tiedosto<\/a><\/p>\n\n\n\n<p><em>Maanviljelyss\u00e4 k\u00e4ytettyjen laitteiden \u00e4ly kasvaa ja robotiikka sek\u00e4 teko\u00e4ly tekev\u00e4t tuloaan kaupallisille tiloille. Luonnonvarakeskus on mukana kehitt\u00e4m\u00e4ss\u00e4 robotiikka, sek\u00e4 tutkimassa robotiikan ja teko\u00e4lyn mahdollisuuksia maataloudessa. Robotiikkaa ja droneja hy\u00f6dynt\u00e4vi\u00e4 menetelmi\u00e4 on kehitetty kasvintuotantoon sek\u00e4 viljan, nurmen ett\u00e4 puutarhakasvien tuotantoon.<\/em><\/p>\n\n\n\n<p><em>Mit\u00e4, jos aurinkopaneeleilla toimiva robotti kylv\u00e4isi vihannessatoa ja torjuisi rikkoja haraamalla? Tai hy\u00f6dynt\u00e4m\u00e4ll\u00e4 teko\u00e4ly\u00e4 pystytt\u00e4isiin s\u00e4\u00e4ennusteiden mukaan ennustamaan kasvuston kasvua ja tekem\u00e4\u00e4n toimenpidesuunnitelmien ajoitusta \u00e4lykk\u00e4\u00e4mmin.<\/em><\/p>\n\n\n\n<p><em>Tule kuulemaan tutkimuksesta ja tutkimushankkeissa saadusta kokemuksista sek\u00e4 keskustelemaan, kuinka robotiikkaa, teko\u00e4ly\u00e4, aurinkovoimaa ja digitaalisia kaksosia voitaisiin hy\u00f6dynt\u00e4\u00e4 vaikkapa vihannesviljelyss\u00e4.<\/em><\/p>\n\n\n\n<p>Asiantuntija: erikoistutkija Juha Backman, Luonnonvarakeskus<\/p>\n\n\n\n<hr class=\"wp-block-separator has-alpha-channel-opacity is-style-dots\"\/>\n\n\n\n<h5 class=\"wp-block-heading\"><strong>VIHANNESTEN MARKKINA, KAUPPA JA YHTEISTY\u00d6MALLIT osa 1\/2:<\/strong><\/h5>\n\n\n\n<h5 class=\"wp-block-heading\">Vihannesalan tuottajaorganisaatiot ja kumppanuusmaatalous<\/h5>\n\n\n\n<p><strong>Aika: 13.9.2023 keskiviikko klo 14\u201316 \/\/ Paikka: Teams<\/strong><\/p>\n\n\n\n<p><a href=\"https:\/\/vihannestieto.fi\/wp-content\/uploads\/2023\/09\/VVV_info-11_osa1.pdf\" target=\"_blank\" rel=\"noreferrer noopener\">Ohjelma, PDF-tiedosto<\/a><\/p>\n\n\n\n<p><a rel=\"noreferrer noopener\" href=\"https:\/\/vihannestieto.fi\/wp-content\/uploads\/2023\/10\/VVV-Jansik-syyskuu-2023-TO.pdf\" data-type=\"link\" data-id=\"https:\/\/vihannestieto.fi\/wp-content\/uploads\/2023\/10\/VVV-Jansik-syyskuu-2023-TO.pdf\" target=\"_blank\">Vihannesalan tuottajaorganisaatiot Suomessa: Kehityssuunnat, j\u00e4senist\u00f6, saavutukset, investoinnit, tuotannon mittakaava, tuotteet. Viljelij\u00f6iden yhteisty\u00f6mallit, erikoistutkija Csaba Jansik, Luonnonvarakeskus, PDF-tiedosto<\/a><\/p>\n\n\n\n<p><a href=\"https:\/\/vihannestieto.fi\/wp-content\/uploads\/2023\/09\/PKS-vihannekset-esitys-13.9.2023.pdf\" data-type=\"link\" data-id=\"https:\/\/vihannestieto.fi\/wp-content\/uploads\/2023\/09\/PKS-vihannekset-esitys-13.9.2023.pdf\" target=\"_blank\" rel=\"noreferrer noopener\">Pakastekuivauksen tuottajaselvitys, vihannekset, projektip\u00e4\u00e4llikk\u00f6 Raija Kumpula, Kehitysyhti\u00f6 SavoGrow Oy, PDF-tiedosto<\/a><\/p>\n\n\n\n<p>Yritysesimerkki: Minitilan CSA &#8211; omavaraisuutta ja toimeentuloa pienelt\u00e4 viljelyalalta. Mikko Salo, Viherkettu Oy<\/p>\n\n\n\n<p><em>Hy\u00f6dynn\u00e4 tiivis tietopaketti toiminta- ja yhteisty\u00f6malleista vihannesalalla. Tule Vihanneksista voimaa viljelyyn -hankkeen webinaariin kuulemaan esityksi\u00e4 vihannesketjun toimijoilta. Kuulet my\u00f6s uusimmat tulokset Luonnonvarakeskuksen tuottajaorganisaatioselvityksest\u00e4.<\/em><\/p>\n\n\n\n<hr class=\"wp-block-separator has-alpha-channel-opacity is-style-dots\"\/>\n\n\n\n<h5 class=\"wp-block-heading\"><strong>VIHANNESTEN MARKKINA, KAUPPA JA YHTEISTY\u00d6MALLIT osa 2\/2:<\/strong><\/h5>\n\n\n\n<h5 class=\"wp-block-heading\">Vihannesten tukku- ja v\u00e4hitt\u00e4iskauppa sek\u00e4 erilaiset viljelij\u00e4yhteisty\u00f6n mallit ja sopimukset<\/h5>\n\n\n\n<p><strong>Aika: 26.9.2023 tiistai klo 9\u201311 \/\/ Paikka: Teams<\/strong><\/p>\n\n\n\n<p><a rel=\"noreferrer noopener\" href=\"https:\/\/vihannestieto.fi\/wp-content\/uploads\/2023\/09\/VVV_info-11_osa2.pdf\" data-type=\"attachment\" data-id=\"820\" target=\"_blank\">Ohjelma, PDF-tiedosto<\/a><\/p>\n\n\n\n<p><a rel=\"noreferrer noopener\" href=\"https:\/\/vihannestieto.fi\/wp-content\/uploads\/2023\/09\/Tuoreverkko-Esitys-2023.pdf\" data-type=\"link\" data-id=\"https:\/\/vihannestieto.fi\/wp-content\/uploads\/2023\/09\/Tuoreverkko-Esitys-2023.pdf\" target=\"_blank\">Tuoreverkko Oy, toimitusjohtaja Marjut Soininen, PDF-tiedosto<\/a><\/p>\n\n\n\n<p><a rel=\"noreferrer noopener\" href=\"https:\/\/vihannestieto.fi\/wp-content\/uploads\/2023\/09\/Jaakkolan-Tukku-Oy-yhteistyosopimukset-ja-mallit.pdf\" data-type=\"link\" data-id=\"https:\/\/vihannestieto.fi\/wp-content\/uploads\/2023\/09\/Jaakkolan-Tukku-Oy-yhteistyosopimukset-ja-mallit.pdf\" target=\"_blank\">Jaakkolan elintarviketukku Oy, kehitysjohtaja Niina Jaakkola, PDF-tiedosto<\/a><\/p>\n\n\n\n<p>K-Citymarket Pilkko, kauppias Juha Kupiainen<\/p>\n\n\n\n<p><a rel=\"noreferrer noopener\" href=\"https:\/\/vihannestieto.fi\/wp-content\/uploads\/2023\/09\/Vihannesten-markkina_PKO.pdf\" data-type=\"link\" data-id=\"https:\/\/vihannestieto.fi\/wp-content\/uploads\/2023\/09\/Vihannesten-markkina_PKO.pdf\" target=\"_blank\">Pohjois-Karjalan Osuuskauppa PKO, kentt\u00e4p\u00e4\u00e4llikk\u00f6 Timo Tuomela, PDF-tiedosto<\/a><\/p>\n\n\n\n<p><a rel=\"noreferrer noopener\" href=\"https:\/\/vihannestieto.fi\/wp-content\/uploads\/2023\/09\/Sopimusviljely-Apetit-Ruoka-Oy-26.9.2023_VihanneksistaVoimaaViljelyyn.pdf\" data-type=\"link\" data-id=\"https:\/\/vihannestieto.fi\/wp-content\/uploads\/2023\/09\/Sopimusviljely-Apetit-Ruoka-Oy-26.9.2023_VihanneksistaVoimaaViljelyyn.pdf\" target=\"_blank\">Apetit Ruoka Oy, viljelyp\u00e4\u00e4llikk\u00f6 Gunta Cirule, PDF-tiedosto<\/a><\/p>\n\n\n\n<p><em>Hy\u00f6dynn\u00e4 vihannesalan tietopaketin toinen osa markkina, kauppa ja yhteisty\u00f6mallit. T\u00e4ss\u00e4 infossa kuulet esityksi\u00e4 vihannesketjun eri toimijoilta. Millainen on markkinan ja kaupan rooli? Millaisia malleja ja sopimuksia viljelij\u00e4yhteisty\u00f6ss\u00e4 on? Mit\u00e4 vaatimuksia yhteisty\u00f6h\u00f6n ja markkinoille p\u00e4\u00e4semiseen on? Mukana puhumassa useita eri yrityksi\u00e4. Lis\u00e4ksi p\u00e4\u00e4semme kuulemaan Suomen suurimman avomaankasvisten viljelytt\u00e4j\u00e4n Apetitin toiminnasta.<\/em><\/p>\n\n\n\n<hr class=\"wp-block-separator has-alpha-channel-opacity is-style-dots\"\/>\n\n\n\n<h5 class=\"wp-block-heading\">Vihannesten varastointi, esik\u00e4sittely,&nbsp;pakkaaminen ja kauppakunnostus<\/h5>\n\n\n\n<p><strong>Aika: 3.10.2023 tiistai klo 12\u201315 \/\/ Paikka: Teams<\/strong><\/p>\n\n\n\n<p><a rel=\"noreferrer noopener\" href=\"https:\/\/vihannestieto.fi\/wp-content\/uploads\/2023\/09\/VVV_info-12.pdf\" data-type=\"link\" data-id=\"https:\/\/vihannestieto.fi\/wp-content\/uploads\/2023\/09\/VVV_info-12.pdf\" target=\"_blank\">Ohjelma, PDF-tiedosto<\/a><\/p>\n\n\n\n<p><a href=\"https:\/\/vihannestieto.fi\/wp-content\/uploads\/2023\/11\/Dennis-Gronroos_vihannesten-varastointi.pdf\" data-type=\"link\" data-id=\"https:\/\/vihannestieto.fi\/wp-content\/uploads\/2023\/11\/Dennis-Gronroos_vihannesten-varastointi.pdf\" target=\"_blank\" rel=\"noreferrer noopener\">Vihannesvarastoinnista maatiloilla \u2013 periaatteet ja k\u00e4yt\u00e4nn\u00f6t, Dennis Gr\u00f6nroos, DG V\u00e4xt, PDF-tiedosto<\/a><\/p>\n\n\n\n<p><a href=\"https:\/\/vihannestieto.fi\/wp-content\/uploads\/2023\/11\/VVV_Teollisten-vihannesvarastojen-kylmatekniikka-Jari-Haavisto.pdf\" data-type=\"link\" data-id=\"https:\/\/vihannestieto.fi\/wp-content\/uploads\/2023\/11\/VVV_Teollisten-vihannesvarastojen-kylmatekniikka-Jari-Haavisto.pdf\" target=\"_blank\" rel=\"noreferrer noopener\">Vihannesvarastojen kylm\u00e4tekniikka, Jari Haavisto, A-duo Oy, PDF-tiedosto<\/a> <\/p>\n\n\n\n<p>Viljelij\u00e4n puheenvuoro, Jaakko R\u00e4s\u00e4nen<\/p>\n\n\n\n<p><a href=\"https:\/\/vihannestieto.fi\/wp-content\/uploads\/2023\/10\/INFO-12-Maarit-Maki.pdf\" data-type=\"link\" data-id=\"https:\/\/vihannestieto.fi\/wp-content\/uploads\/2023\/10\/INFO-12-Maarit-Maki.pdf\" target=\"_blank\" rel=\"noreferrer noopener\">Avomaan vihannesten esik\u00e4sittelyst\u00e4 ja jatkojalostuksesta, Maarit M\u00e4ki, Luke, PDF-tiedosto<\/a><\/p>\n\n\n\n<p>Laiteratkaisut juuresten ja kaalikasvien jatkojalostukseen &#8211; kuorinnasta, kauppatuotteeksi saakka, Anita Keskikoivisto, Forsfood Oy<\/p>\n\n\n\n<p>PDF-tiedostot: <a href=\"https:\/\/vihannestieto.fi\/wp-content\/uploads\/2023\/11\/Forsfood-kuorinta.pdf\" target=\"_blank\" rel=\"noreferrer noopener\">Kuorinta<\/a> ja <a href=\"https:\/\/vihannestieto.fi\/wp-content\/uploads\/2023\/11\/Forsfood-Kaali2.pdf\" data-type=\"link\" data-id=\"https:\/\/vihannestieto.fi\/wp-content\/uploads\/2023\/11\/Forsfood-Kaali2.pdf\" target=\"_blank\" rel=\"noreferrer noopener\">Kaalink\u00e4sittelylinjasto<\/a><\/p>\n\n\n\n<p><a href=\"https:\/\/vihannestieto.fi\/wp-content\/uploads\/2023\/10\/Vihannesten-varastoinnista-kommenttipuheenvuoro.pdf\" data-type=\"link\" data-id=\"https:\/\/vihannestieto.fi\/wp-content\/uploads\/2023\/10\/Vihannesten-varastoinnista-kommenttipuheenvuoro.pdf\" target=\"_blank\" rel=\"noreferrer noopener\">Kommenttipuheenvuoro, Terhi Suojala-Ahlfors, Luke, PDF-tiedosto<\/a><\/p>\n\n\n\n<p><em>Kuinka suunnitellaan ja toteutetaan sadonkorjuun j\u00e4lkeen avomaan vihannesten varastointi ja k\u00e4sittely maatilalla? Vihanneksista voimaa viljelyyn -hankkeen webinaarissa asiantuntijat ja laitetoimittajat kertovat periaatteista, k\u00e4yt\u00e4nn\u00f6ist\u00e4 sek\u00e4 ratkaisuista.<\/em><\/p>\n\n\n\n<hr class=\"wp-block-separator has-alpha-channel-opacity is-style-dots\"\/>\n\n\n\n<h5 class=\"wp-block-heading\">Vihannesyritt\u00e4jyys, oma jaksaminen ja ty\u00f6hyvinvointi<\/h5>\n\n\n\n<p><strong>Aika: 10.10.2023 tiistai klo 12\u201316 \/\/ Paikka: Teams<\/strong><\/p>\n\n\n\n<p><a rel=\"noreferrer noopener\" href=\"https:\/\/vihannestieto.fi\/wp-content\/uploads\/2023\/09\/VVV_info_13.pdf\" data-type=\"link\" data-id=\"https:\/\/vihannestieto.fi\/wp-content\/uploads\/2023\/09\/VVV_info_13.pdf\" target=\"_blank\">Ohjelma, PDF-tiedosto<\/a><\/p>\n\n\n\n<p><a href=\"https:\/\/vihannestieto.fi\/wp-content\/uploads\/2023\/11\/Vihannesyrittajyys-Heikki-Inkeroinen.pdf\" data-type=\"link\" data-id=\"https:\/\/vihannestieto.fi\/wp-content\/uploads\/2023\/11\/Vihannesyrittajyys-Heikki-Inkeroinen.pdf\" target=\"_blank\" rel=\"noreferrer noopener\">Yritt\u00e4jyys ja tuotantosuunnan vaihto, puutarha- ja perunantuotannon asiantuntija, Heikki Inkeroinen, ProAgria; PDF-tiedosto<\/a><\/p>\n\n\n\n<p><a href=\"https:\/\/vihannestieto.fi\/wp-content\/uploads\/2023\/11\/Talouden-johtaminen-puutarhatilalla-ProAgria.-Annika-Lehtonen-2023.pdf\" data-type=\"link\" data-id=\"https:\/\/vihannestieto.fi\/wp-content\/uploads\/2023\/11\/Talouden-johtaminen-puutarhatilalla-ProAgria.-Annika-Lehtonen-2023.pdf\" target=\"_blank\" rel=\"noreferrer noopener\">Talouden johtaminen puutarhatilalla, talousasiantuntija Annika Lehtonen, ProAgria, PDF-tiedosto<\/a><\/p>\n\n\n\n<p><em>Tauko (13:50 \u2013 14:00)<\/em><\/p>\n\n\n\n<p><a href=\"https:\/\/vihannestieto.fi\/wp-content\/uploads\/2023\/11\/Tukea-tyoterveyden-yllapitoon.pdf\" data-type=\"link\" data-id=\"https:\/\/vihannestieto.fi\/wp-content\/uploads\/2023\/11\/Tukea-tyoterveyden-yllapitoon.pdf\" target=\"_blank\" rel=\"noreferrer noopener\">Tukea ty\u00f6terveyden yll\u00e4pitoon, erityisasiantuntija Birgitta Kinnunen, Ty\u00f6terveyslaitos, PDF-tiedosto<\/a><\/p>\n\n\n\n<p><a href=\"https:\/\/vihannestieto.fi\/wp-content\/uploads\/2023\/11\/2023-tyokaluja-tyoturvallisuuden-kehittamiseksi.pdf\" data-type=\"link\" data-id=\"https:\/\/vihannestieto.fi\/wp-content\/uploads\/2023\/11\/2023-tyokaluja-tyoturvallisuuden-kehittamiseksi.pdf\" target=\"_blank\" rel=\"noreferrer noopener\">Ty\u00f6kaluja ty\u00f6turvallisuuden kehitt\u00e4miseen, erityisasiantuntija P\u00e4ivi Sarmala, Ty\u00f6turvallisuuskeskus, PDF-tiedosto<\/a><\/p>\n\n\n\n<p>Ty\u00f6turvallisuuskorttikoulutus, Maatalousyritt\u00e4jien el\u00e4kelaitos<\/p>\n\n\n\n<p>Ty\u00f6hyvinvointi ja tuottavuus puutarhayrityksiss\u00e4 \u2013 esimerkkej\u00e4 haasteista ja ratkaisuista, tutkija Tiina Mattila, Luonnonvarakeskus<\/p>\n\n\n\n<p>Keskustelua ja aivovoimistelua<\/p>\n\n\n\n<hr class=\"wp-block-separator has-alpha-channel-opacity is-style-dots\"\/>\n\n\n\n<div style=\"height:30px\" aria-hidden=\"true\" class=\"wp-block-spacer\"><\/div>\n\n\n\n<p><a href=\"https:\/\/www.facebook.com\/vihanneksistavoimaaviljelyyn\/events\" target=\"_blank\" rel=\"noreferrer noopener\">Hankkeen tapahtumat Facebookissa<\/a><\/p>\n","protected":false},"excerpt":{"rendered":"<p>Vihannesviljelyn ominaispiirteet ja eri tuotantomuodot Aika: 25.1.2023 keskiviikko klo 17\u201319&nbsp;\/\/ Paikka: Teams &amp; Metla-talo, K\u00e4py-Sali 1. krs Ohjelma, PDF-tiedosto Vihannesviljelyn ominaispiirteet ja eri tuotantomuodot, Pirjo Kivij\u00e4rvi (LUKE), PDF-tiedosto Monipuolinen vihannesviljely [&hellip;]<\/p>\n","protected":false},"author":1,"featured_media":0,"parent":27,"menu_order":0,"comment_status":"closed","ping_status":"closed","template":"","meta":{"_EventAllDay":false,"_EventTimezone":"","_EventStartDate":"","_EventEndDate":"","_EventStartDateUTC":"","_EventEndDateUTC":"","_EventShowMap":false,"_EventShowMapLink":false,"_EventURL":"","_EventCost":"","_EventCostDescription":"","_EventCurrencySymbol":"","_EventCurrencyCode":"","_EventCurrencyPosition":"","_EventDateTimeSeparator":"","_EventTimeRangeSeparator":"","_EventOrganizerID":[],"_EventVenueID":[],"_OrganizerEmail":"","_OrganizerPhone":"","_OrganizerWebsite":"","_VenueAddress":"","_VenueCity":"","_VenueCountry":"","_VenueProvince":"","_VenueState":"","_VenueZip":"","_VenuePhone":"","_VenueURL":"","_VenueStateProvince":"","_VenueLat":"","_VenueLng":"","_VenueShowMap":false,"_VenueShowMapLink":false,"footnotes":""},"class_list":["post-85","page","type-page","status-publish","hentry"],"_links":{"self":[{"href":"https:\/\/vihannestieto.fi\/index.php?rest_route=\/wp\/v2\/pages\/85","targetHints":{"allow":["GET"]}}],"collection":[{"href":"https:\/\/vihannestieto.fi\/index.php?rest_route=\/wp\/v2\/pages"}],"about":[{"href":"https:\/\/vihannestieto.fi\/index.php?rest_route=\/wp\/v2\/types\/page"}],"author":[{"embeddable":true,"href":"https:\/\/vihannestieto.fi\/index.php?rest_route=\/wp\/v2\/users\/1"}],"replies":[{"embeddable":true,"href":"https:\/\/vihannestieto.fi\/index.php?rest_route=%2Fwp%2Fv2%2Fcomments&post=85"}],"version-history":[{"count":107,"href":"https:\/\/vihannestieto.fi\/index.php?rest_route=\/wp\/v2\/pages\/85\/revisions"}],"predecessor-version":[{"id":976,"href":"https:\/\/vihannestieto.fi\/index.php?rest_route=\/wp\/v2\/pages\/85\/revisions\/976"}],"up":[{"embeddable":true,"href":"https:\/\/vihannestieto.fi\/index.php?rest_route=\/wp\/v2\/pages\/27"}],"wp:attachment":[{"href":"https:\/\/vihannestieto.fi\/index.php?rest_route=%2Fwp%2Fv2%2Fmedia&parent=85"}],"curies":[{"name":"wp","href":"https:\/\/api.w.org\/{rel}","templated":true}]}}